{"id":430,"date":"2021-08-05T12:10:47","date_gmt":"2021-08-05T12:10:47","guid":{"rendered":"http:\/\/kerstin-schaum.de\/?page_id=430"},"modified":"2025-07-02T19:18:59","modified_gmt":"2025-07-02T19:18:59","slug":"ueber-mich","status":"publish","type":"page","link":"https:\/\/kerstin-schaum.de\/?page_id=430","title":{"rendered":"\u00dcber mich"},"content":{"rendered":"\t\t<div data-elementor-type=\"wp-page\" data-elementor-id=\"430\" class=\"elementor elementor-430\">\n\t\t\t\t\t\t<section class=\"elementor-section elementor-top-section elementor-element elementor-element-2d2742b4 elementor-section-boxed elementor-section-height-default elementor-section-height-default\" data-id=\"2d2742b4\" data-element_type=\"section\" data-e-type=\"section\">\n\t\t\t\t\t\t<div class=\"elementor-container elementor-column-gap-default\">\n\t\t\t\t\t<div class=\"elementor-column elementor-col-100 elementor-top-column elementor-element elementor-element-4b6502e4\" data-id=\"4b6502e4\" data-element_type=\"column\" data-e-type=\"column\">\n\t\t\t<div class=\"elementor-widget-wrap elementor-element-populated\">\n\t\t\t\t\t\t<div class=\"elementor-element elementor-element-1c52b8e8 elementor-widget elementor-widget-text-editor\" data-id=\"1c52b8e8\" data-element_type=\"widget\" data-e-type=\"widget\" data-widget_type=\"text-editor.default\">\n\t\t\t\t<div class=\"elementor-widget-container\">\n\t\t\t\t\t\t\t\t\t<p>Ich bin Autorin, Herausgeberin eines Magazins, Psychologische Beraterin, Coach und Dozentin.<\/p>\n<p><!-- \/wp:paragraph --><\/p>\n<p><!-- wp:paragraph --><\/p>\n<p>Meine Aus- und Weiterbildungen in diesen Bereichen:<\/p>\n<p><!-- \/wp:paragraph --><\/p>\n<p><!-- wp:list --><\/p>\n<ul>\n<li style=\"list-style-type: none;\">\n<ul><!-- wp:list-item --><\/ul>\n<\/li>\n<\/ul>\n<p>\u00a0<\/p>\n<ul>\n<li style=\"list-style-type: none;\">\n<ul>\n<li>Fortbildungen im naturkundlichen Bereich<\/li>\n<\/ul>\n<\/li>\n<\/ul>\n<p><!-- \/wp:list-item --><\/p>\n<p><!-- wp:list-item --><\/p>\n<ul>\n<li style=\"list-style-type: none;\">\n<ul>\n<li>Zertifizierte Psychologische Beraterin (Heilpraktikerschule naturopath, Seeheim) seit 2020:<\/li>\n<\/ul>\n<\/li>\n<\/ul>\n<p><!-- \/wp:list-item --><\/p>\n<p><!-- wp:list-item --><\/p>\n<ul>\n<li style=\"list-style-type: none;\">\n<ul>\n<li>Kommunikation &amp; therapeutisches Setting<\/li>\n<\/ul>\n<\/li>\n<\/ul>\n<p><!-- \/wp:list-item --><\/p>\n<p><!-- wp:list-item --><\/p>\n<ul>\n<li style=\"list-style-type: none;\">\n<ul>\n<li>EMDR \u2013 Desensibilisieren und Wiederaufbereitung mittels Augenbewegungen<\/li>\n<\/ul>\n<\/li>\n<\/ul>\n<p><!-- \/wp:list-item --><\/p>\n<p><!-- wp:list-item --><\/p>\n<ul>\n<li style=\"list-style-type: none;\">\n<ul>\n<li>Systembrett\/Familienbrett<\/li>\n<\/ul>\n<\/li>\n<\/ul>\n<p><!-- \/wp:list-item --><\/p>\n<p><!-- wp:list-item --><\/p>\n<ul>\n<li style=\"list-style-type: none;\">\n<ul>\n<li>Schemaberatung\/Coaching<\/li>\n<\/ul>\n<\/li>\n<\/ul>\n<p><!-- \/wp:list-item --><\/p>\n<p><!-- wp:list-item --><\/p>\n<ul>\n<li style=\"list-style-type: none;\">\n<ul>\n<li>Verhaltenstherapie<\/li>\n<\/ul>\n<\/li>\n<\/ul>\n<p><!-- \/wp:list-item --><\/p>\n<p><!-- wp:list-item --><\/p>\n<ul>\n<li style=\"list-style-type: none;\">\n<ul>\n<li>Seminarleiterin Autogenes Training (Paracelsus Schule Konstanz), seit 2017<\/li>\n<\/ul>\n<\/li>\n<\/ul>\n<p><!-- \/wp:list-item --><\/p>\n<p><!-- wp:list-item --><\/p>\n<ul>\n<li style=\"list-style-type: none;\">\n<ul>\n<li>Fachfortbildung Tierkommunikation (Paracelsus Schule G\u00f6ttingen, seit 2017<\/li>\n<\/ul>\n<\/li>\n<\/ul>\n<p><!-- \/wp:list-item --><\/p>\n<p><!-- wp:list-item --><\/p>\n<ul>\n<li style=\"list-style-type: none;\">\n<ul>\n<li>Fachfortbildung Effektive Darmsanierung, Heilpraktikerschule Naturopath, Seeheim, 2020<\/li>\n<\/ul>\n<\/li>\n<\/ul>\n<p><!-- \/wp:list-item --><\/p>\n<p><!-- wp:list-item --><\/p>\n<ul>\n<li style=\"list-style-type: none;\">\n<ul>\n<li>Fachfortbildung 3D Integration \u2013 Handwerkszeuge (Emotionale Kinesiologie), Heilpraktikerschule naturpath, Seeheim, 2021<\/li>\n<\/ul>\n<\/li>\n<\/ul>\n<p><!-- \/wp:list-item --><\/p>\n<p><!-- wp:list-item --><\/p>\n<ul>\n<li style=\"list-style-type: none;\">\n<ul>\n<li>ausgebildete Trauerbegleiterin (IGSL \u2013 Internationale Gesellschaft f\u00fcr Sterbebegleitung &amp; Lebensbeistand Bingen), seit 2013<\/li>\n<\/ul>\n<\/li>\n<\/ul>\n<p><!-- \/wp:list-item --><\/p>\n<p><!-- wp:list-item --><\/p>\n<ul>\n<li style=\"list-style-type: none;\">\n<ul>\n<li>Hospizhelferin (Ausbildung 2013 Sozialstation H\u00f6chst)<\/li>\n<\/ul>\n<\/li>\n<\/ul>\n<p><!-- \/wp:list-item --><\/p>\n<p><!-- wp:list-item --><\/p>\n<ul>\n<li style=\"list-style-type: none;\">\n<ul>\n<li>Zertifizierte Kursleiterin Waldbaden Shirin-Yoku (2023)<\/li>\n<\/ul>\n<\/li>\n<\/ul>\n<p><!-- \/wp:list-item --><\/p>\n<p><!-- \/wp:list --><\/p>\n<p><!-- wp:paragraph --><\/p>\n<p>In den Jahren 1988 \u2013 2012 habe ich als Angestellte beim Magistrat der Stadt Fulda gearbeitet; hier konnte ich verschiedene Qualifikationen erwerben (Ausbildung zur Verwaltungsfachangestellte, Ausbildung zur Sekret\u00e4rin, Ausbildereignungsschein, ausgebildete Fuldaer Stadtf\u00fchrerin). \u00dcber 10 Jahre habe ich das B\u00fcro des Oberb\u00fcrgermeisters von Fulda geleitet. In diesen Jahren lernte ich viel im Bereich Rhetorik.<\/p>\n<p><!-- \/wp:paragraph --><\/p>\n<p><!-- wp:paragraph --><\/p>\n<p>In den Jahren 2012 \u2013 2020 war ich in verschiedenen sozialen Einrichtungen t\u00e4tig. Die letzten drei Jahre davon habe ich als p\u00e4dagogische Mitarbeiterin im Bildungswerk der hessischen Wirtschaft in einem Projekt f\u00fcr benachteiligte junge Menschen mitgewirkt. Von Ende 2020 bis Ende 2023 war ich in Teilzeit an der Technischen Universit\u00e4t Darmstadt im Fachbereich Architektur angestellt. Seit Januar 2025 arbeite ich im Umweltamt der Stadt Gro\u00df-Umstadt.<\/p>\n<p><!-- \/wp:paragraph --><\/p>\n<p><!-- wp:paragraph --><\/p>\n<p>E-Mail: <a href=\"mailto:kerstinschaum@aol.com\">kerstinschaum@aol.com<\/a><\/p>\n<p><!-- \/wp:paragraph --><\/p>\n<p><!-- wp:paragraph --><\/p>\n<p>Tel.: 06163 2039999<\/p>\n<p><!-- \/wp:paragraph --><\/p>\t\t\t\t\t\t\t\t<\/div>\n\t\t\t\t<\/div>\n\t\t\t\t\t<\/div>\n\t\t<\/div>\n\t\t\t\t\t<\/div>\n\t\t<\/section>\n\t\t\t\t<\/div>\n\t\t","protected":false},"excerpt":{"rendered":"<p>Ich bin Autorin, Herausgeberin eines Magazins, Psychologische Beraterin, Coach und Dozentin. Meine Aus- und Weiterbildungen in diesen Bereichen: \u00a0 Fortbildungen im naturkundlichen Bereich Zertifizierte Psychologische Beraterin (Heilpraktikerschule naturopath, Seeheim) seit 2020: Kommunikation &amp; therapeutisches Setting EMDR \u2013 Desensibilisieren und Wiederaufbereitung mittels Augenbewegungen Systembrett\/Familienbrett Schemaberatung\/Coaching Verhaltenstherapie Seminarleiterin Autogenes Training (Paracelsus Schule Konstanz), seit 2017 Fachfortbildung Tierkommunikation &hellip; <\/p>\n<p class=\"link-more\"><a href=\"https:\/\/kerstin-schaum.de\/?page_id=430\" class=\"more-link\"><span class=\"screen-reader-text\">\u201e\u00dcber mich\u201c <\/span>weiterlesen<\/a><\/p>\n","protected":false},"author":2,"featured_media":0,"parent":0,"menu_order":0,"comment_status":"closed","ping_status":"closed","template":"","meta":{"footnotes":""},"class_list":["post-430","page","type-page","status-publish","hentry"],"_links":{"self":[{"href":"https:\/\/kerstin-schaum.de\/index.php?rest_route=\/wp\/v2\/pages\/430","targetHints":{"allow":["GET"]}}],"collection":[{"href":"https:\/\/kerstin-schaum.de\/index.php?rest_route=\/wp\/v2\/pages"}],"about":[{"href":"https:\/\/kerstin-schaum.de\/index.php?rest_route=\/wp\/v2\/types\/page"}],"author":[{"embeddable":true,"href":"https:\/\/kerstin-schaum.de\/index.php?rest_route=\/wp\/v2\/users\/2"}],"replies":[{"embeddable":true,"href":"https:\/\/kerstin-schaum.de\/index.php?rest_route=%2Fwp%2Fv2%2Fcomments&post=430"}],"version-history":[{"count":17,"href":"https:\/\/kerstin-schaum.de\/index.php?rest_route=\/wp\/v2\/pages\/430\/revisions"}],"predecessor-version":[{"id":1053,"href":"https:\/\/kerstin-schaum.de\/index.php?rest_route=\/wp\/v2\/pages\/430\/revisions\/1053"}],"wp:attachment":[{"href":"https:\/\/kerstin-schaum.de\/index.php?rest_route=%2Fwp%2Fv2%2Fmedia&parent=430"}],"curies":[{"name":"wp","href":"https:\/\/api.w.org\/{rel}","templated":true}]}}